{"id":4973,"date":"2026-01-22T10:21:38","date_gmt":"2026-01-22T10:21:38","guid":{"rendered":"https:\/\/www.smj.fo\/?post_type=project&#038;p=4973"},"modified":"2024-01-18T09:47:01","modified_gmt":"2024-01-18T09:47:01","slug":"landssygehusets-h-bygning","status":"publish","type":"project","link":"https:\/\/www.smj.fo\/kl-gl\/project\/landssygehusets-h-bygning\/","title":{"rendered":"Landssygehusets H-bygning"},"content":{"rendered":"\n<div class=\"wp-block-columns is-layout-flex wp-container-core-columns-is-layout-9d6595d7 wp-block-columns-is-layout-flex\">\n<div class=\"wp-block-column is-layout-flow wp-block-column-is-layout-flow\">\n<p><br>Projektet er en del af udvidelsen og moderniseringen af Landssygehuset.<\/p>\n\n\n\n<p>Bygningen omfatter:<\/p>\n\n\n\n<ul class=\"wp-block-list\">\n<li>Psykiatrisk afdeling<\/li>\n\n\n\n<li>Somatiske sengepladser<\/li>\n\n\n\n<li>Nye lokaler til rehabilitering<\/li>\n\n\n\n<li>F\u00f8dsels- og barselsafdeling<\/li>\n\n\n\n<li>K\u00f8kken og kantine<\/li>\n<\/ul>\n\n\n\n<p>Ud over disse omr\u00e5der omfatter projektet ogs\u00e5 n\u00f8dvendige tilh\u00f8rende lokaler.<\/p>\n\n\n\n<p>Projektet omfatter en ny sygehusbygning, som kommer til at v\u00e6re omkring 12.000 kvadratmeter stor. Bygningen skal bruges til psykiatrisk center, somatiske sengepladser, rehabilitering, f\u00f8de- og barselsafdeling og k\u00f8kken og kantine. Bygningen projekteres efter 3D-modeller ved hj\u00e6lp af et nyt system, som kaldes BIM. Bygningen bygges nedenfor hospitalets bygning B.<\/p>\n\n\n\n<p>Kontrakten mellem Landsverk og r\u00e5dgiverne blev underskrevet d. 26. februar 2014.<\/p>\n<\/div>\n\n\n\n<div class=\"wp-block-column is-layout-flow wp-block-column-is-layout-flow\">\n<div id=\"details_block_cfc57b45dc27e42da8de396e98231683\" class=\"lunnar-details\">\n\n    \n\n                        <div class=\"detail-row\">\n                <div class=\"detail-title\">\n                    \u00c5rstal                <\/div>\n\n                <div class=\"detail-value\">\n                    2014                <\/div>\n            <\/div>\n                    <div class=\"detail-row\">\n                <div class=\"detail-title\">\n                    St\u00f8rrelse                <\/div>\n\n                <div class=\"detail-value\">\n                    12.000 m\u00b2                <\/div>\n            <\/div>\n                    <div class=\"detail-row\">\n                <div class=\"detail-title\">\n                    Bygherre                <\/div>\n\n                <div class=\"detail-value\">\n                    Heilsum\u00e1lar\u00e1\u00f0i\u00f0                <\/div>\n            <\/div>\n                    <div class=\"detail-row\">\n                <div class=\"detail-title\">\n                    R\u00e5dgivere                <\/div>\n\n                <div class=\"detail-value\">\n                    FAERPORT II (\u00c1rni Winther Arkitektar, SNA, SMJ og LBA)                <\/div>\n            <\/div>\n            <\/div><\/div>\n<\/div>\n\n\n\n<div style=\"height:100px\" aria-hidden=\"true\" class=\"wp-block-spacer\"><\/div>\n\n\n\n<div class=\"wp-block-columns is-layout-flex wp-container-core-columns-is-layout-9d6595d7 wp-block-columns-is-layout-flex\">\n<div class=\"wp-block-column is-vertically-aligned-center is-layout-flow wp-block-column-is-layout-flow\">\n<h2 class=\"wp-block-heading\">Vil du vide mere?<\/h2>\n\n\n\n<p>Hvis du \u00f8nsker at vide mere om projektet, eller du har lyst til en snak med en af vores medarbejdere, er du velkommen til at kontakte os.<\/p>\n\n\n\n<div class=\"wp-block-buttons is-layout-flex wp-block-buttons-is-layout-flex\">\n<div class=\"wp-block-button\"><a class=\"wp-block-button__link has-white-color has-fresh-green-background-color has-text-color has-background has-link-color wp-element-button\">Ring 23 35 15<\/a><\/div>\n\n\n\n<div class=\"wp-block-button is-style-outline is-style-outline--1\"><a class=\"wp-block-button__link has-dark-color has-text-color has-link-color wp-element-button\" href=\"ana@smj.fo\">Kontakt<\/a><\/div>\n<\/div>\n<\/div>\n\n\n\n<div class=\"wp-block-column is-layout-flow wp-block-column-is-layout-flow\">\n<div id=\"employees_block_f986c139ed8cd8b6414829bc32b38061\" class=\"lunnar-employees \">\n\n    \n    <\/div><\/div>\n\n\n\n<div class=\"wp-block-column is-layout-flow wp-block-column-is-layout-flow\">\n<div id=\"employees_block_c2bff46156968b26f4c7b88a17216d78\" class=\"lunnar-employees \">\n\n    \n            \n        <div class=\"employees-wrapper employees-grid per-row-1 \">\n\n            \n                                            \n<div class=\"employee-card swiper-slide is-visible location-torshavn\">\n    <div class=\"employee-card--image\">\n                    <img loading=\"lazy\" decoding=\"async\" src=\"https:\/\/www.smj.fo\/wp-content\/uploads\/2024\/04\/LTT_g1a0298-667x800.jpg\" width=\"667\" height=\"800\" alt=\"\" style=\"object-position: 50% 50%;\">\n        \n\n         <div class=\"employee-card--departments-container\">\n                                                                                                <div class=\"employee-card--department\">\n                            Suliniummi aqutsisut                        <\/div>\n                                                                                <div class=\"employee-card--department\">\n                            Innaallagiaq                        <\/div>\n                                                <\/div>\n            <\/div>\n\n    <div class=\"employee-card--content\">\n        <h6>Leifur av Tr\u00f8\u00f0 Trondesen<\/h6>\n\n        <p>Suliniummi aqutsisoq<\/p>\n\n                    <div class=\"employee-card--meta\">\n                                    <a href=\"tel: +298 233515\">\n                        <img decoding=\"async\" src=\"https:\/\/www.smj.fo\/wp-content\/themes\/lunnar-smj\/images\/icon-smartphone.svg\" class=\"injectable\" \/>\n                        <p>+298 233515<\/p>\n                    <\/a>\n                \n                                    <a href=\"mailto: ltt@smj.fo\">\n                        <img decoding=\"async\" src=\"https:\/\/www.smj.fo\/wp-content\/themes\/lunnar-smj\/images\/icon-at.svg\" class=\"injectable\" \/>\n                        <p>ltt@smj.fo<\/p>\n                    <\/a>\n                            <\/div>\n            <\/div>\n<\/div>                    \n                            <\/div>\n    <\/div><\/div>\n<\/div>\n\n\n\n<div style=\"height:100px\" aria-hidden=\"true\" class=\"wp-block-spacer\"><\/div>\n","protected":false},"featured_media":1559,"template":"","country":[199],"project_category":[205,127],"class_list":["post-4973","project","type-project","status-publish","has-post-thumbnail","hentry","country-foroyar-kl-gl","project_category-bygging-kl-gl","project_category-sanaartorneq"],"acf":[],"yoast_head":"<!-- This site is optimized with the Yoast SEO plugin v27.4 - https:\/\/yoast.com\/product\/yoast-seo-wordpress\/ -->\n<title>Landssygehusets H-bygning - SMJ<\/title>\n<meta name=\"robots\" content=\"index, follow, max-snippet:-1, max-image-preview:large, max-video-preview:-1\" \/>\n<link rel=\"canonical\" href=\"https:\/\/www.smj.fo\/kl-gl\/project\/landssygehusets-h-bygning\/\" \/>\n<meta property=\"og:locale\" content=\"en_US\" \/>\n<meta property=\"og:type\" content=\"article\" \/>\n<meta property=\"og:title\" content=\"Landssygehusets H-bygning - SMJ\" \/>\n<meta property=\"og:description\" content=\"Projektet er en del af udvidelsen og moderniseringen af Landssygehuset. Bygningen omfatter: Ud over disse omr\u00e5der omfatter projektet ogs\u00e5 n\u00f8dvendige tilh\u00f8rende lokaler. Projektet omfatter en ny sygehusbygning, som kommer til at v\u00e6re omkring 12.000 kvadratmeter stor. Bygningen skal bruges til psykiatrisk center, somatiske sengepladser, rehabilitering, f\u00f8de- og barselsafdeling og k\u00f8kken og kantine. Bygningen projekteres efter [&hellip;]\" \/>\n<meta property=\"og:url\" content=\"https:\/\/www.smj.fo\/kl-gl\/project\/landssygehusets-h-bygning\/\" \/>\n<meta property=\"og:site_name\" content=\"SMJ\" \/>\n<meta property=\"og:image\" content=\"http:\/\/www.smj.fo\/wp-content\/uploads\/2023\/11\/H-bygningurin-1600x900.jpg\" \/>\n\t<meta property=\"og:image:width\" content=\"1600\" \/>\n\t<meta property=\"og:image:height\" content=\"900\" \/>\n\t<meta property=\"og:image:type\" content=\"image\/jpeg\" \/>\n<meta name=\"twitter:card\" content=\"summary_large_image\" \/>\n<meta name=\"twitter:label1\" content=\"Est. reading time\" \/>\n\t<meta name=\"twitter:data1\" content=\"1 minute\" \/>\n<script type=\"application\/ld+json\" class=\"yoast-schema-graph\">{\"@context\":\"https:\\\/\\\/schema.org\",\"@graph\":[{\"@type\":\"WebPage\",\"@id\":\"https:\\\/\\\/www.smj.fo\\\/kl-gl\\\/project\\\/landssygehusets-h-bygning\\\/\",\"url\":\"https:\\\/\\\/www.smj.fo\\\/kl-gl\\\/project\\\/landssygehusets-h-bygning\\\/\",\"name\":\"Landssygehusets H-bygning - SMJ\",\"isPartOf\":{\"@id\":\"https:\\\/\\\/www.smj.fo\\\/kl-gl\\\/#website\"},\"primaryImageOfPage\":{\"@id\":\"https:\\\/\\\/www.smj.fo\\\/kl-gl\\\/project\\\/landssygehusets-h-bygning\\\/#primaryimage\"},\"image\":{\"@id\":\"https:\\\/\\\/www.smj.fo\\\/kl-gl\\\/project\\\/landssygehusets-h-bygning\\\/#primaryimage\"},\"thumbnailUrl\":\"https:\\\/\\\/www.smj.fo\\\/wp-content\\\/uploads\\\/2023\\\/11\\\/H-bygningurin.jpg\",\"datePublished\":\"2026-01-22T10:21:38+00:00\",\"breadcrumb\":{\"@id\":\"https:\\\/\\\/www.smj.fo\\\/kl-gl\\\/project\\\/landssygehusets-h-bygning\\\/#breadcrumb\"},\"inLanguage\":\"kl-GL\",\"potentialAction\":[{\"@type\":\"ReadAction\",\"target\":[\"https:\\\/\\\/www.smj.fo\\\/kl-gl\\\/project\\\/landssygehusets-h-bygning\\\/\"]}]},{\"@type\":\"ImageObject\",\"inLanguage\":\"kl-GL\",\"@id\":\"https:\\\/\\\/www.smj.fo\\\/kl-gl\\\/project\\\/landssygehusets-h-bygning\\\/#primaryimage\",\"url\":\"https:\\\/\\\/www.smj.fo\\\/wp-content\\\/uploads\\\/2023\\\/11\\\/H-bygningurin.jpg\",\"contentUrl\":\"https:\\\/\\\/www.smj.fo\\\/wp-content\\\/uploads\\\/2023\\\/11\\\/H-bygningurin.jpg\",\"width\":4000,\"height\":2250},{\"@type\":\"BreadcrumbList\",\"@id\":\"https:\\\/\\\/www.smj.fo\\\/kl-gl\\\/project\\\/landssygehusets-h-bygning\\\/#breadcrumb\",\"itemListElement\":[{\"@type\":\"ListItem\",\"position\":1,\"name\":\"Home\",\"item\":\"https:\\\/\\\/www.smj.fo\\\/kl-gl\\\/\"},{\"@type\":\"ListItem\",\"position\":2,\"name\":\"Landssygehusets H-bygning\"}]},{\"@type\":\"WebSite\",\"@id\":\"https:\\\/\\\/www.smj.fo\\\/kl-gl\\\/#website\",\"url\":\"https:\\\/\\\/www.smj.fo\\\/kl-gl\\\/\",\"name\":\"SMJ\",\"description\":\"\",\"potentialAction\":[{\"@type\":\"SearchAction\",\"target\":{\"@type\":\"EntryPoint\",\"urlTemplate\":\"https:\\\/\\\/www.smj.fo\\\/kl-gl\\\/?s={search_term_string}\"},\"query-input\":{\"@type\":\"PropertyValueSpecification\",\"valueRequired\":true,\"valueName\":\"search_term_string\"}}],\"inLanguage\":\"kl-GL\"}]}<\/script>\n<!-- \/ Yoast SEO plugin. -->","yoast_head_json":{"title":"Landssygehusets H-bygning - SMJ","robots":{"index":"index","follow":"follow","max-snippet":"max-snippet:-1","max-image-preview":"max-image-preview:large","max-video-preview":"max-video-preview:-1"},"canonical":"https:\/\/www.smj.fo\/kl-gl\/project\/landssygehusets-h-bygning\/","og_locale":"en_US","og_type":"article","og_title":"Landssygehusets H-bygning - SMJ","og_description":"Projektet er en del af udvidelsen og moderniseringen af Landssygehuset. Bygningen omfatter: Ud over disse omr\u00e5der omfatter projektet ogs\u00e5 n\u00f8dvendige tilh\u00f8rende lokaler. Projektet omfatter en ny sygehusbygning, som kommer til at v\u00e6re omkring 12.000 kvadratmeter stor. Bygningen skal bruges til psykiatrisk center, somatiske sengepladser, rehabilitering, f\u00f8de- og barselsafdeling og k\u00f8kken og kantine. Bygningen projekteres efter [&hellip;]","og_url":"https:\/\/www.smj.fo\/kl-gl\/project\/landssygehusets-h-bygning\/","og_site_name":"SMJ","og_image":[{"width":1600,"height":900,"url":"http:\/\/www.smj.fo\/wp-content\/uploads\/2023\/11\/H-bygningurin-1600x900.jpg","type":"image\/jpeg"}],"twitter_card":"summary_large_image","twitter_misc":{"Est. reading time":"1 minute"},"schema":{"@context":"https:\/\/schema.org","@graph":[{"@type":"WebPage","@id":"https:\/\/www.smj.fo\/kl-gl\/project\/landssygehusets-h-bygning\/","url":"https:\/\/www.smj.fo\/kl-gl\/project\/landssygehusets-h-bygning\/","name":"Landssygehusets H-bygning - SMJ","isPartOf":{"@id":"https:\/\/www.smj.fo\/kl-gl\/#website"},"primaryImageOfPage":{"@id":"https:\/\/www.smj.fo\/kl-gl\/project\/landssygehusets-h-bygning\/#primaryimage"},"image":{"@id":"https:\/\/www.smj.fo\/kl-gl\/project\/landssygehusets-h-bygning\/#primaryimage"},"thumbnailUrl":"https:\/\/www.smj.fo\/wp-content\/uploads\/2023\/11\/H-bygningurin.jpg","datePublished":"2026-01-22T10:21:38+00:00","breadcrumb":{"@id":"https:\/\/www.smj.fo\/kl-gl\/project\/landssygehusets-h-bygning\/#breadcrumb"},"inLanguage":"kl-GL","potentialAction":[{"@type":"ReadAction","target":["https:\/\/www.smj.fo\/kl-gl\/project\/landssygehusets-h-bygning\/"]}]},{"@type":"ImageObject","inLanguage":"kl-GL","@id":"https:\/\/www.smj.fo\/kl-gl\/project\/landssygehusets-h-bygning\/#primaryimage","url":"https:\/\/www.smj.fo\/wp-content\/uploads\/2023\/11\/H-bygningurin.jpg","contentUrl":"https:\/\/www.smj.fo\/wp-content\/uploads\/2023\/11\/H-bygningurin.jpg","width":4000,"height":2250},{"@type":"BreadcrumbList","@id":"https:\/\/www.smj.fo\/kl-gl\/project\/landssygehusets-h-bygning\/#breadcrumb","itemListElement":[{"@type":"ListItem","position":1,"name":"Home","item":"https:\/\/www.smj.fo\/kl-gl\/"},{"@type":"ListItem","position":2,"name":"Landssygehusets H-bygning"}]},{"@type":"WebSite","@id":"https:\/\/www.smj.fo\/kl-gl\/#website","url":"https:\/\/www.smj.fo\/kl-gl\/","name":"SMJ","description":"","potentialAction":[{"@type":"SearchAction","target":{"@type":"EntryPoint","urlTemplate":"https:\/\/www.smj.fo\/kl-gl\/?s={search_term_string}"},"query-input":{"@type":"PropertyValueSpecification","valueRequired":true,"valueName":"search_term_string"}}],"inLanguage":"kl-GL"}]}},"_links":{"self":[{"href":"https:\/\/www.smj.fo\/kl-gl\/wp-json\/wp\/v2\/project\/4973","targetHints":{"allow":["GET"]}}],"collection":[{"href":"https:\/\/www.smj.fo\/kl-gl\/wp-json\/wp\/v2\/project"}],"about":[{"href":"https:\/\/www.smj.fo\/kl-gl\/wp-json\/wp\/v2\/types\/project"}],"wp:featuredmedia":[{"embeddable":true,"href":"https:\/\/www.smj.fo\/kl-gl\/wp-json\/wp\/v2\/media\/1559"}],"wp:attachment":[{"href":"https:\/\/www.smj.fo\/kl-gl\/wp-json\/wp\/v2\/media?parent=4973"}],"wp:term":[{"taxonomy":"country","embeddable":true,"href":"https:\/\/www.smj.fo\/kl-gl\/wp-json\/wp\/v2\/country?post=4973"},{"taxonomy":"project_category","embeddable":true,"href":"https:\/\/www.smj.fo\/kl-gl\/wp-json\/wp\/v2\/project_category?post=4973"}],"curies":[{"name":"wp","href":"https:\/\/api.w.org\/{rel}","templated":true}]}}